{"id":1122,"date":"2023-08-10T13:46:24","date_gmt":"2023-08-10T11:46:24","guid":{"rendered":"https:\/\/dev.bjhuman.hu\/?page_id=1122"},"modified":"2025-05-26T12:40:52","modified_gmt":"2025-05-26T10:40:52","slug":"gyermek-fogaszat","status":"publish","type":"page","link":"https:\/\/bjhuman.hu\/index.php\/gyermek-fogaszat\/","title":{"rendered":"Gyermek fog\u00e1szat"},"content":{"rendered":"\t\t<div data-elementor-type=\"wp-page\" data-elementor-id=\"1122\" class=\"elementor elementor-1122\">\n\t\t\t\t\t\t<section class=\"elementor-section elementor-top-section elementor-element elementor-element-064a52f elementor-section-boxed elementor-section-height-default elementor-section-height-default wpr-particle-no wpr-jarallax-no wpr-parallax-no wpr-sticky-section-no wpr-equal-height-no\" data-id=\"064a52f\" data-element_type=\"section\" data-e-type=\"section\">\n\t\t\t\t\t\t<div class=\"elementor-container elementor-column-gap-default\">\n\t\t\t\t\t<div class=\"elementor-column elementor-col-100 elementor-top-column elementor-element elementor-element-99cd108\" data-id=\"99cd108\" data-element_type=\"column\" data-e-type=\"column\">\n\t\t\t<div class=\"elementor-widget-wrap elementor-element-populated\">\n\t\t\t\t\t\t<div class=\"elementor-element elementor-element-d63b3d3 elementor-widget elementor-widget-text-editor\" data-id=\"d63b3d3\" data-element_type=\"widget\" data-e-type=\"widget\" data-widget_type=\"text-editor.default\">\n\t\t\t\t<div class=\"elementor-widget-container\">\n\t\t\t\t\t\t\t\t\t<p><a href=\"https:\/\/bjhuman.hu\/index.php\/tajekoztato-magyar-nyelvet-nem-beszelo-betegek-ellatasarol\/\"><strong>T\u00e1j\u00e9koztat\u00f3 magyar nyelvet nem besz\u00e9l\u0151 betegek ell\u00e1t\u00e1s\u00e1r\u00f3l \/ Treatment Protocol for Non-Hungarian Speaking Patients<\/strong><\/a><\/p>\t\t\t\t\t\t\t\t<\/div>\n\t\t\t\t<\/div>\n\t\t\t\t\t<\/div>\n\t\t<\/div>\n\t\t\t\t\t<\/div>\n\t\t<\/section>\n\t\t\t\t<section class=\"elementor-section elementor-top-section elementor-element elementor-element-b60d440 elementor-section-boxed elementor-section-height-default elementor-section-height-default wpr-particle-no wpr-jarallax-no wpr-parallax-no wpr-sticky-section-no wpr-equal-height-no\" data-id=\"b60d440\" data-element_type=\"section\" data-e-type=\"section\">\n\t\t\t\t\t\t<div class=\"elementor-container elementor-column-gap-default\">\n\t\t\t\t\t<div class=\"elementor-column elementor-col-100 elementor-top-column elementor-element elementor-element-5d1f7b4\" data-id=\"5d1f7b4\" data-element_type=\"column\" data-e-type=\"column\">\n\t\t\t<div class=\"elementor-widget-wrap elementor-element-populated\">\n\t\t\t\t\t\t<div class=\"elementor-element elementor-element-ac6d048 elementor-widget elementor-widget-text-editor\" data-id=\"ac6d048\" data-element_type=\"widget\" data-e-type=\"widget\" data-widget_type=\"text-editor.default\">\n\t\t\t\t<div class=\"elementor-widget-container\">\n\t\t\t\t\t\t\t\t\t<p>Gyermek- \u00e9s ifj\u00fas\u00e1gi eg\u00e9szs\u00e9g\u00fcgyi alapell\u00e1t\u00e1s keret\u00e9ben Erzs\u00e9betv\u00e1ros 18 \u00e9s alatti lakoss\u00e1ga sz\u00e1m\u00e1ra fog\u00e1szati ell\u00e1t\u00e1st biztos\u00edtunk.<\/p>\t\t\t\t\t\t\t\t<\/div>\n\t\t\t\t<\/div>\n\t\t\t\t\t<\/div>\n\t\t<\/div>\n\t\t\t\t\t<\/div>\n\t\t<\/section>\n\t\t\t\t<section class=\"elementor-section elementor-top-section elementor-element elementor-element-80c2e2d elementor-section-boxed elementor-section-height-default elementor-section-height-default wpr-particle-no wpr-jarallax-no wpr-parallax-no wpr-sticky-section-no wpr-equal-height-no\" data-id=\"80c2e2d\" data-element_type=\"section\" data-e-type=\"section\">\n\t\t\t\t\t\t<div class=\"elementor-container elementor-column-gap-default\">\n\t\t\t\t\t<div class=\"elementor-column elementor-col-100 elementor-top-column elementor-element elementor-element-8a101e9\" data-id=\"8a101e9\" data-element_type=\"column\" data-e-type=\"column\">\n\t\t\t<div class=\"elementor-widget-wrap elementor-element-populated\">\n\t\t\t\t\t\t<div class=\"elementor-element elementor-element-1c18042 wpr-advanced-accordion-icon-side-box elementor-widget elementor-widget-wpr-advanced-accordion\" data-id=\"1c18042\" data-element_type=\"widget\" data-e-type=\"widget\" data-settings=\"{&quot;active_item&quot;:1}\" data-widget_type=\"wpr-advanced-accordion.default\">\n\t\t\t\t<div class=\"elementor-widget-container\">\n\t\t\t\t\t\n            <div class=\"wpr-advanced-accordion\" data-accordion-type=\"accordion\" data-active-index=\"1\" data-accordion-trigger=\"click\" data-interaction-speed=\"0.4\">\n\n\t\t\t\n                \n\t\t\t\t\t<div class=\"wpr-accordion-item-wrap\">\n\t\t\t\t\t\t<button class=\"wpr-acc-button\">\n\t\t\t\t\t\t\t<span class=\"wpr-acc-item-title\">\n\t\t\t\t\t\t\t\t\t\t\t\t\t\t\t\t\t<div class=\"wpr-acc-icon-box\">\n\t\t\t\t\t\t\t\t\t\t\t\t\t\t<span class=\"wpr-title-icon\">\n\t\t\t\t\t<i aria-hidden=\"true\" class=\"fas fa-arrow-right\"><\/i>\t\t\t\t<\/span>\n\t\t\t\t\t\t\t\t\t\t\t\t<\/div>\n\t\t\t\t\t\t\t\t\n\t\t\t\t\t\t\t\t<span class=\"wpr-acc-title-text\">Milyen szolg\u00e1ltat\u00e1st ny\u00fajtunk?\t<\/span>\n\t\t\t\t\t\t\t<\/span>\n\t\t\t\t\t\t\t\t\t\t\t<span class=\"wpr-toggle-icon wpr-ti-close\"><i aria-hidden=\"true\" class=\"fas fa-plus\"><\/i><\/span>\n\t\t\t\t<span class=\"wpr-toggle-icon wpr-ti-open\"><i aria-hidden=\"true\" class=\"fas fa-minus\"><\/i><\/span>\n\t\t\t\t\t\t\t\t\t<\/button>\n\n\t\t\t\t\t\t<div class=\"wpr-acc-panel\">\n\t\t\t\t\t\t\t\t\t\t\t\t\t\t\t<div class=\"wpr-acc-panel-content\"><p>A\u00a0<strong>gyermek- \u00e9s ifj\u00fas\u00e1gi fog\u00e1szati alapell\u00e1t\u00e1s<\/strong>\u00a0c\u00e9lja \u00e9s feladata a gyermekek eg\u00e9szs\u00e9ges fogazat\u00e1nak megtart\u00e1sa, a gyerekkori fog- \u00e9s sz\u00e1jbetegs\u00e9gek megel\u0151z\u00e9se, kezel\u00e9se.<br \/>A gyermek- \u00e9s ifj\u00fas\u00e1gi fog\u00e1szati alapell\u00e1t\u00e1s keret\u00e9ben a nulla \u00e9vest\u0151l a v\u00e9gz\u0151s k\u00f6z\u00e9piskol\u00e1s kor\u00fa (20\u201322 \u00e9ves) ker\u00fcleti, valamint a ker\u00fclet oktat\u00e1si-nevel\u00e9si int\u00e9zm\u00e9nyeibe m\u00e1s ker\u00fcletekb\u0151l, illetve vid\u00e9kr\u0151l j\u00e1r\u00f3 gyermekek ker\u00fclnek ell\u00e1t\u00e1sra.<br \/>A gyermekfog\u00e1szat alapj\u00e1t k\u00e9pezi a gyermekek sz\u00e1j\u00e1pol\u00e1si nevel\u00e9se, a helyes fogmos\u00e1s megtan\u00edt\u00e1sa, a fogazat rendszeres ellen\u0151rz\u00e9se \u00e9s kezel\u00e9se, amennyiben sz\u00fcks\u00e9ges. Fogorvosaink csoportosan \u00e9s egy\u00e9nileg sz\u0171rik, vizsg\u00e1lj\u00e1k, kezelik a b\u00f6lcs\u0151d\u00e9s, \u00f3vod\u00e1s, \u00e1ltal\u00e1nos- \u00e9s k\u00f6z\u00e9piskol\u00e1s kor\u00fa gyermekeket. Az iskol\u00e1sokat el\u0151zetes egyeztet\u00e9s alapj\u00e1n a pedag\u00f3gusok k\u00eds\u00e9ret\u00e9ben fogadjuk. Azokat a gyermekeket, akikn\u00e9l probl\u00e9m\u00e1t \u00e9szlel\u00fcnk, a sz\u00fcleikkel egy\u00fctt h\u00edvjuk vissza a fogorvosi rendel\u0151nkbe.<\/p><\/div>\n\t\t\t\t\t\t\t\t\t\t\t\t\t<\/div>\n                    <\/div>\n\n                \n\t\t\t\t\t<div class=\"wpr-accordion-item-wrap\">\n\t\t\t\t\t\t<button class=\"wpr-acc-button\">\n\t\t\t\t\t\t\t<span class=\"wpr-acc-item-title\">\n\t\t\t\t\t\t\t\t\t\t\t\t\t\t\t\t\t<div class=\"wpr-acc-icon-box\">\n\t\t\t\t\t\t\t\t\t\t\t\t\t\t<span class=\"wpr-title-icon\">\n\t\t\t\t\t<i aria-hidden=\"true\" class=\"fas fa-arrow-right\"><\/i>\t\t\t\t<\/span>\n\t\t\t\t\t\t\t\t\t\t\t\t<\/div>\n\t\t\t\t\t\t\t\t\n\t\t\t\t\t\t\t\t<span class=\"wpr-acc-title-text\">Szolg\u00e1ltat\u00e1saink ig\u00e9nybev\u00e9tel\u00e9nek m\u00f3dja \u00e9s felt\u00e9telei<\/span>\n\t\t\t\t\t\t\t<\/span>\n\t\t\t\t\t\t\t\t\t\t\t<span class=\"wpr-toggle-icon wpr-ti-close\"><i aria-hidden=\"true\" class=\"fas fa-plus\"><\/i><\/span>\n\t\t\t\t<span class=\"wpr-toggle-icon wpr-ti-open\"><i aria-hidden=\"true\" class=\"fas fa-minus\"><\/i><\/span>\n\t\t\t\t\t\t\t\t\t<\/button>\n\n\t\t\t\t\t\t<div class=\"wpr-acc-panel\">\n\t\t\t\t\t\t\t\t\t\t\t\t\t\t\t<div class=\"wpr-acc-panel-content\"><p>Az eg\u00e9szs\u00e9g\u00fcgyi alapell\u00e1t\u00e1s ig\u00e9nybev\u00e9tel\u00e9hez nem sz\u00fcks\u00e9ges beutal\u00f3. A biztos\u00edtott szem\u00e9lynek az ell\u00e1t\u00e1sok ig\u00e9nybev\u00e9tel\u00e9re val\u00f3 jogosults\u00e1g\u00e1t a TAJ-k\u00e1rtya, valamint a szem\u00e9lyazonoss\u00e1got igazol\u00f3 okm\u00e1ny (p\u00e9ld\u00e1ul szem\u00e9lyazonos\u00edt\u00f3 igazolv\u00e1ny) egyidej\u0171 bemutat\u00e1s\u00e1val kell igazolnia. A h\u00e1ziorvosi alapell\u00e1t\u00e1s ter\u00fclet\u00e9n szabad orvosv\u00e1laszt\u00e1s van, a biztos\u00edtottak szabadon v\u00e1laszthatnak h\u00e1ziorvost, azzal a megk\u00f6t\u00e9ssel, hogy az orvosnak csak a k\u00f6rzet\u00e9be tartoz\u00f3 betegeket k\u00f6teless\u00e9ge fogadni.\u00a0\u00a0\u00a0\u00a0\u00a0\u00a0\u00a0\u00a0\u00a0<\/p><\/div>\n\t\t\t\t\t\t\t\t\t\t\t\t\t<\/div>\n                    <\/div>\n\n                            <\/div>\n        \t\t\t\t<\/div>\n\t\t\t\t<\/div>\n\t\t\t\t\t<\/div>\n\t\t<\/div>\n\t\t\t\t\t<\/div>\n\t\t<\/section>\n\t\t\t\t<section class=\"elementor-section elementor-top-section elementor-element elementor-element-99e94bc elementor-section-boxed elementor-section-height-default elementor-section-height-default wpr-particle-no wpr-jarallax-no wpr-parallax-no wpr-sticky-section-no wpr-equal-height-no\" data-id=\"99e94bc\" data-element_type=\"section\" data-e-type=\"section\">\n\t\t\t\t\t\t<div class=\"elementor-container elementor-column-gap-default\">\n\t\t\t\t\t<div class=\"elementor-column elementor-col-100 elementor-top-column elementor-element elementor-element-e276bb8\" data-id=\"e276bb8\" data-element_type=\"column\" data-e-type=\"column\">\n\t\t\t<div class=\"elementor-widget-wrap elementor-element-populated\">\n\t\t\t\t\t\t<div class=\"elementor-element elementor-element-c04e7a0 elementor-widget elementor-widget-button\" data-id=\"c04e7a0\" data-element_type=\"widget\" data-e-type=\"widget\" data-widget_type=\"button.default\">\n\t\t\t\t<div class=\"elementor-widget-container\">\n\t\t\t\t\t\t\t\t\t<div class=\"elementor-button-wrapper\">\n\t\t\t\t\t<a class=\"elementor-button elementor-button-link elementor-size-sm\" href=\"https:\/\/bjhuman.hu\/?page_id=2981\">\n\t\t\t\t\t\t<span class=\"elementor-button-content-wrapper\">\n\t\t\t\t\t\t\t\t\t<span class=\"elementor-button-text\">Gyermek- \u00e9s ifj\u00fas\u00e1gi fog\u00e1szati \u00e1ltal\u00e1nos t\u00e1j\u00e9koztat\u00f3<\/span>\n\t\t\t\t\t<\/span>\n\t\t\t\t\t<\/a>\n\t\t\t\t<\/div>\n\t\t\t\t\t\t\t\t<\/div>\n\t\t\t\t<\/div>\n\t\t\t\t\t<\/div>\n\t\t<\/div>\n\t\t\t\t\t<\/div>\n\t\t<\/section>\n\t\t\t\t<section class=\"elementor-section elementor-top-section elementor-element elementor-element-ac36149 elementor-section-boxed elementor-section-height-default elementor-section-height-default wpr-particle-no wpr-jarallax-no wpr-parallax-no wpr-sticky-section-no wpr-equal-height-no\" data-id=\"ac36149\" data-element_type=\"section\" data-e-type=\"section\">\n\t\t\t\t\t\t<div class=\"elementor-container elementor-column-gap-default\">\n\t\t\t\t\t<div class=\"elementor-column elementor-col-100 elementor-top-column elementor-element elementor-element-4681c94\" data-id=\"4681c94\" data-element_type=\"column\" data-e-type=\"column\">\n\t\t\t<div class=\"elementor-widget-wrap elementor-element-populated\">\n\t\t\t\t\t\t<div class=\"elementor-element elementor-element-c9e8b64 elementor-widget elementor-widget-text-editor\" data-id=\"c9e8b64\" data-element_type=\"widget\" data-e-type=\"widget\" data-widget_type=\"text-editor.default\">\n\t\t\t\t<div class=\"elementor-widget-container\">\n\t\t\t\t\t\t\t\t\t<p><strong>A ker\u00fcletben m\u0171k\u00f6d\u0151 gyermek- \u00e9s ifj\u00fas\u00e1gi fog\u00e1szati rendel\u0151:<\/strong><\/p>\t\t\t\t\t\t\t\t<\/div>\n\t\t\t\t<\/div>\n\t\t\t\t\t<\/div>\n\t\t<\/div>\n\t\t\t\t\t<\/div>\n\t\t<\/section>\n\t\t\t\t<section class=\"elementor-section elementor-top-section elementor-element elementor-element-54c6b38 elementor-section-boxed elementor-section-height-default elementor-section-height-default wpr-particle-no wpr-jarallax-no wpr-parallax-no wpr-sticky-section-no wpr-equal-height-no\" data-id=\"54c6b38\" data-element_type=\"section\" data-e-type=\"section\">\n\t\t\t\t\t\t<div class=\"elementor-container elementor-column-gap-default\">\n\t\t\t\t\t<div class=\"elementor-column elementor-col-100 elementor-top-column elementor-element elementor-element-e2f932b\" data-id=\"e2f932b\" data-element_type=\"column\" data-e-type=\"column\">\n\t\t\t<div class=\"elementor-widget-wrap elementor-element-populated\">\n\t\t\t\t\t\t<div class=\"elementor-element elementor-element-7b4f079 elementor-icon-list--layout-traditional elementor-list-item-link-full_width elementor-widget elementor-widget-icon-list\" data-id=\"7b4f079\" data-element_type=\"widget\" data-e-type=\"widget\" data-widget_type=\"icon-list.default\">\n\t\t\t\t<div class=\"elementor-widget-container\">\n\t\t\t\t\t\t\t<ul class=\"elementor-icon-list-items\">\n\t\t\t\t\t\t\t<li class=\"elementor-icon-list-item\">\n\t\t\t\t\t\t\t\t\t\t\t<span class=\"elementor-icon-list-icon\">\n\t\t\t\t\t\t\t<i aria-hidden=\"true\" class=\"fas fa-map-marker-alt\"><\/i>\t\t\t\t\t\t<\/span>\n\t\t\t\t\t\t\t\t\t\t<span class=\"elementor-icon-list-text\"> 1077 Budapest, Hevesi S. t\u00e9r 1.<\/span>\n\t\t\t\t\t\t\t\t\t<\/li>\n\t\t\t\t\t\t\t\t<li class=\"elementor-icon-list-item\">\n\t\t\t\t\t\t\t\t\t\t\t<span class=\"elementor-icon-list-icon\">\n\t\t\t\t\t\t\t<i aria-hidden=\"true\" class=\"fas fa-phone-alt\"><\/i>\t\t\t\t\t\t<\/span>\n\t\t\t\t\t\t\t\t\t\t<span class=\"elementor-icon-list-text\">+36 1 342 5991<\/span>\n\t\t\t\t\t\t\t\t\t<\/li>\n\t\t\t\t\t\t<\/ul>\n\t\t\t\t\t\t<\/div>\n\t\t\t\t<\/div>\n\t\t\t\t\t<\/div>\n\t\t<\/div>\n\t\t\t\t\t<\/div>\n\t\t<\/section>\n\t\t\t\t<section class=\"elementor-section elementor-top-section elementor-element elementor-element-0224d94 elementor-section-boxed elementor-section-height-default elementor-section-height-default wpr-particle-no wpr-jarallax-no wpr-parallax-no wpr-sticky-section-no wpr-equal-height-no\" data-id=\"0224d94\" data-element_type=\"section\" data-e-type=\"section\">\n\t\t\t\t\t\t<div class=\"elementor-container elementor-column-gap-default\">\n\t\t\t\t\t<div class=\"elementor-column elementor-col-100 elementor-top-column elementor-element elementor-element-0556829\" data-id=\"0556829\" data-element_type=\"column\" data-e-type=\"column\">\n\t\t\t<div class=\"elementor-widget-wrap elementor-element-populated\">\n\t\t\t\t\t\t<div class=\"elementor-element elementor-element-9c18501 elementor-widget elementor-widget-google_maps\" data-id=\"9c18501\" data-element_type=\"widget\" data-e-type=\"widget\" data-widget_type=\"google_maps.default\">\n\t\t\t\t<div class=\"elementor-widget-container\">\n\t\t\t\t\t\t\t<div class=\"elementor-custom-embed\">\n\t\t\t<iframe loading=\"lazy\"\n\t\t\t\t\tsrc=\"https:\/\/maps.google.com\/maps?q=%201077%20Budapest%2C%20Hevesi%20S.%20t%C3%A9r%201.&#038;t=m&#038;z=16&#038;output=embed&#038;iwloc=near\"\n\t\t\t\t\ttitle=\" 1077 Budapest, Hevesi S. t\u00e9r 1.\"\n\t\t\t\t\taria-label=\" 1077 Budapest, Hevesi S. t\u00e9r 1.\"\n\t\t\t><\/iframe>\n\t\t<\/div>\n\t\t\t\t\t\t<\/div>\n\t\t\t\t<\/div>\n\t\t\t\t\t<\/div>\n\t\t<\/div>\n\t\t\t\t\t<\/div>\n\t\t<\/section>\n\t\t\t\t<\/div>\n\t\t","protected":false},"excerpt":{"rendered":"<p>T\u00e1j\u00e9koztat\u00f3 magyar nyelvet nem besz\u00e9l\u0151 betegek ell\u00e1t\u00e1s\u00e1r\u00f3l \/ Treatment Protocol for Non-Hungarian Speaking Patients Gyermek- \u00e9s ifj\u00fas\u00e1gi eg\u00e9szs\u00e9g\u00fcgyi alapell\u00e1t\u00e1s keret\u00e9ben Erzs\u00e9betv\u00e1ros 18 \u00e9s alatti lakoss\u00e1ga sz\u00e1m\u00e1ra fog\u00e1szati ell\u00e1t\u00e1st biztos\u00edtunk. Milyen szolg\u00e1ltat\u00e1st ny\u00fajtunk? A\u00a0gyermek- \u00e9s ifj\u00fas\u00e1gi fog\u00e1szati alapell\u00e1t\u00e1s\u00a0c\u00e9lja \u00e9s feladata a gyermekek eg\u00e9szs\u00e9ges fogazat\u00e1nak megtart\u00e1sa, a gyerekkori fog- \u00e9s sz\u00e1jbetegs\u00e9gek megel\u0151z\u00e9se, kezel\u00e9se.A gyermek- \u00e9s ifj\u00fas\u00e1gi fog\u00e1szati alapell\u00e1t\u00e1s keret\u00e9ben a nulla \u00e9vest\u0151l a v\u00e9gz\u0151s k\u00f6z\u00e9piskol\u00e1s kor\u00fa (20\u201322 \u00e9ves) ker\u00fcleti, valamint a ker\u00fclet oktat\u00e1si-nevel\u00e9si int\u00e9zm\u00e9nyeibe m\u00e1s ker\u00fcletekb\u0151l, illetve vid\u00e9kr\u0151l j\u00e1r\u00f3 gyermekek ker\u00fclnek ell\u00e1t\u00e1sra.A gyermekfog\u00e1szat alapj\u00e1t k\u00e9pezi a gyermekek sz\u00e1j\u00e1pol\u00e1si nevel\u00e9se, a helyes fogmos\u00e1s megtan\u00edt\u00e1sa, a fogazat rendszeres ellen\u0151rz\u00e9se \u00e9s kezel\u00e9se, amennyiben sz\u00fcks\u00e9ges. Fogorvosaink csoportosan \u00e9s egy\u00e9nileg sz\u0171rik, vizsg\u00e1lj\u00e1k, kezelik a b\u00f6lcs\u0151d\u00e9s, \u00f3vod\u00e1s, \u00e1ltal\u00e1nos- \u00e9s k\u00f6z\u00e9piskol\u00e1s kor\u00fa gyermekeket. Az iskol\u00e1sokat el\u0151zetes egyeztet\u00e9s alapj\u00e1n a pedag\u00f3gusok k\u00eds\u00e9ret\u00e9ben fogadjuk. Azokat a gyermekeket, akikn\u00e9l probl\u00e9m\u00e1t \u00e9szlel\u00fcnk, a sz\u00fcleikkel egy\u00fctt h\u00edvjuk vissza a fogorvosi rendel\u0151nkbe. Szolg\u00e1ltat\u00e1saink ig\u00e9nybev\u00e9tel\u00e9nek m\u00f3dja \u00e9s felt\u00e9telei Az eg\u00e9szs\u00e9g\u00fcgyi alapell\u00e1t\u00e1s ig\u00e9nybev\u00e9tel\u00e9hez nem sz\u00fcks\u00e9ges beutal\u00f3. A biztos\u00edtott szem\u00e9lynek az ell\u00e1t\u00e1sok ig\u00e9nybev\u00e9tel\u00e9re val\u00f3 jogosults\u00e1g\u00e1t a TAJ-k\u00e1rtya, valamint a szem\u00e9lyazonoss\u00e1got igazol\u00f3 okm\u00e1ny (p\u00e9ld\u00e1ul szem\u00e9lyazonos\u00edt\u00f3 igazolv\u00e1ny) egyidej\u0171 bemutat\u00e1s\u00e1val kell igazolnia. A h\u00e1ziorvosi alapell\u00e1t\u00e1s ter\u00fclet\u00e9n szabad orvosv\u00e1laszt\u00e1s van, a biztos\u00edtottak szabadon v\u00e1laszthatnak h\u00e1ziorvost, azzal a megk\u00f6t\u00e9ssel, hogy az orvosnak csak a k\u00f6rzet\u00e9be tartoz\u00f3 betegeket k\u00f6teless\u00e9ge fogadni.\u00a0\u00a0\u00a0\u00a0\u00a0\u00a0\u00a0\u00a0\u00a0 Gyermek- \u00e9s ifj\u00fas\u00e1gi fog\u00e1szati \u00e1ltal\u00e1nos t\u00e1j\u00e9koztat\u00f3 A ker\u00fcletben m\u0171k\u00f6d\u0151 gyermek- \u00e9s ifj\u00fas\u00e1gi fog\u00e1szati rendel\u0151: 1077 Budapest, Hevesi S. t\u00e9r 1. +36 1 342 5991<\/p>\n","protected":false},"author":2,"featured_media":0,"parent":0,"menu_order":0,"comment_status":"closed","ping_status":"closed","template":"","meta":{"footnotes":""},"class_list":["post-1122","page","type-page","status-publish","hentry"],"rttpg_featured_image_url":null,"rttpg_author":{"display_name":"krisztina","author_link":"https:\/\/bjhuman.hu\/index.php\/author\/krisztina\/"},"rttpg_comment":0,"rttpg_category":null,"rttpg_excerpt":"T\u00e1j\u00e9koztat\u00f3 magyar nyelvet nem besz\u00e9l\u0151 betegek ell\u00e1t\u00e1s\u00e1r\u00f3l \/ Treatment Protocol for Non-Hungarian Speaking Patients Gyermek- \u00e9s ifj\u00fas\u00e1gi eg\u00e9szs\u00e9g\u00fcgyi alapell\u00e1t\u00e1s keret\u00e9ben Erzs\u00e9betv\u00e1ros 18 \u00e9s alatti lakoss\u00e1ga sz\u00e1m\u00e1ra fog\u00e1szati ell\u00e1t\u00e1st biztos\u00edtunk. Milyen szolg\u00e1ltat\u00e1st ny\u00fajtunk? A\u00a0gyermek- \u00e9s ifj\u00fas\u00e1gi fog\u00e1szati alapell\u00e1t\u00e1s\u00a0c\u00e9lja \u00e9s feladata a gyermekek eg\u00e9szs\u00e9ges fogazat\u00e1nak megtart\u00e1sa, a gyerekkori fog- \u00e9s sz\u00e1jbetegs\u00e9gek megel\u0151z\u00e9se, kezel\u00e9se.A gyermek- \u00e9s ifj\u00fas\u00e1gi fog\u00e1szati&hellip;","_links":{"self":[{"href":"https:\/\/bjhuman.hu\/index.php\/wp-json\/wp\/v2\/pages\/1122","targetHints":{"allow":["GET"]}}],"collection":[{"href":"https:\/\/bjhuman.hu\/index.php\/wp-json\/wp\/v2\/pages"}],"about":[{"href":"https:\/\/bjhuman.hu\/index.php\/wp-json\/wp\/v2\/types\/page"}],"author":[{"embeddable":true,"href":"https:\/\/bjhuman.hu\/index.php\/wp-json\/wp\/v2\/users\/2"}],"replies":[{"embeddable":true,"href":"https:\/\/bjhuman.hu\/index.php\/wp-json\/wp\/v2\/comments?post=1122"}],"version-history":[{"count":34,"href":"https:\/\/bjhuman.hu\/index.php\/wp-json\/wp\/v2\/pages\/1122\/revisions"}],"predecessor-version":[{"id":11629,"href":"https:\/\/bjhuman.hu\/index.php\/wp-json\/wp\/v2\/pages\/1122\/revisions\/11629"}],"wp:attachment":[{"href":"https:\/\/bjhuman.hu\/index.php\/wp-json\/wp\/v2\/media?parent=1122"}],"curies":[{"name":"wp","href":"https:\/\/api.w.org\/{rel}","templated":true}]}}